{"id":117220,"date":"2024-12-04T13:15:02","date_gmt":"2024-12-04T12:15:02","guid":{"rendered":"https:\/\/www.beitalhikma.tn\/?page_id=117220"},"modified":"2025-12-12T16:58:09","modified_gmt":"2025-12-12T15:58:09","slug":"departement-des-etudes-islamiques","status":"publish","type":"page","link":"https:\/\/www.beitalhikma.tn\/fr\/departement-des-etudes-islamiques\/","title":{"rendered":"D\u00e9partement des \u00c9tudes islamiques"},"content":{"rendered":"\n<p class=\"has-text-color has-background has-link-color wp-elements-ec3778a905569597c8e7f93fbd5b9763\" style=\"color:#fed082;background-color:#6f96a7;font-size:24px\"><strong>Le Chef de D\u00e9partement<\/strong><\/p>\n\n\n\n<figure style=\"font-size:22px\" class=\"wp-block-table\"><table class=\"has-fixed-layout\"><tbody><tr><td class=\"has-text-align-center\" data-align=\"center\"><strong>Nom et Pr\u00e9nom<\/strong><\/td><td class=\"has-text-align-center\" data-align=\"center\"><strong>Sp\u00e9cialit\u00e9<\/strong><\/td><td class=\"has-text-align-center\" data-align=\"center\"><strong>Biographie<\/strong><\/td><\/tr><tr><td class=\"has-text-align-center\" data-align=\"center\">Hmida Enna\u00effer<\/td><td class=\"has-text-align-center\" data-align=\"center\">Islamologie<\/td><td class=\"has-text-align-center\" data-align=\"center\"><a href=\"https:\/\/www.beitalhikma.tn\/wp-content\/uploads\/2017\/04\/cv-hmida-ennaifer-fr.pdf\">Biographie<\/a><\/td><\/tr><\/tbody><\/table><\/figure>\n\n\n\n<p class=\"has-text-color has-background has-link-color wp-elements-45699140ad845995162cb2a8ebcffc8d\" style=\"color:#fed082;background-color:#6f96a7;font-size:24px\"><strong>Membres actifs r\u00e9sidents en Tunisie<\/strong><\/p>\n\n\n\n<figure style=\"font-size:22px\" class=\"wp-block-table\"><table class=\"has-fixed-layout\"><tbody><tr><td class=\"has-text-align-center\" data-align=\"center\"><strong>Nom et Pr\u00e9nom<\/strong><\/td><td class=\"has-text-align-center\" data-align=\"center\"><strong>Sp\u00e9cialit\u00e9<\/strong><\/td><td class=\"has-text-align-center\" data-align=\"center\"><strong>Biographie<\/strong><\/td><\/tr><tr><td class=\"has-text-align-center\" data-align=\"center\">Moncef Ben Abdeljalil<\/td><td class=\"has-text-align-center\" data-align=\"center\">Etudes arabo-islamiques<\/td><td class=\"has-text-align-center\" data-align=\"center\"><a href=\"https:\/\/www.beitalhikma.tn\/wp-content\/uploads\/2020\/01\/biographie.pdf\">Biographie<\/a><\/td><\/tr><tr><td class=\"has-text-align-center\" data-align=\"center\">Taoufik Ben Ameur<\/td><td class=\"has-text-align-center\" data-align=\"center\">Civilisation arabo-islamique<\/td><td class=\"has-text-align-center\" data-align=\"center\"><a href=\"https:\/\/www.beitalhikma.tn\/wp-content\/uploads\/2020\/02\/Biographie-1.pdf\">Biographie<\/a><\/td><\/tr><tr><td class=\"has-text-align-center\" data-align=\"center\">Faouzi Bedoui<\/td><td class=\"has-text-align-center\" data-align=\"center\">Etudes juives et Religions Compar\u00e9es<\/td><td class=\"has-text-align-center\" data-align=\"center\">&#8212;<\/td><\/tr><tr><td class=\"has-text-align-center\" data-align=\"center\">Mohamed Bouhlel<\/td><td class=\"has-text-align-center\" data-align=\"center\">Th\u00e9ologie<\/td><td class=\"has-text-align-center\" data-align=\"center\"><a href=\"https:\/\/www.beitalhikma.tn\/wp-content\/uploads\/2017\/05\/%D8%A7%D9%84%D8%B3%D9%8A%D8%B1%D8%A9-%D8%A7%D9%84%D8%B0%D8%A7%D8%AA%D9%8A%D8%A9-%D9%85%D8%AD%D9%85%D8%AF-%D8%A8%D9%88%D9%87%D9%84%D8%A7%D9%84.pdf\">Biographie<\/a><\/td><\/tr><tr><td class=\"has-text-align-center\" data-align=\"center\">Abdelmajid Charfi<\/td><td class=\"has-text-align-center\" data-align=\"center\">Civilisation islamique<\/td><td class=\"has-text-align-center\" data-align=\"center\"><a href=\"https:\/\/www.beitalhikma.tn\/wp-content\/uploads\/2021\/06\/Cv-Abdelmajid-Charfi.pdf\">Biographie<\/a><\/td><\/tr><tr><td class=\"has-text-align-center\" data-align=\"center\">Mohamed Chtiwi<\/td><td class=\"has-text-align-center\" data-align=\"center\">Civilisation arabo-islamique<\/td><td class=\"has-text-align-center\" data-align=\"center\"><a href=\"https:\/\/www.beitalhikma.tn\/wp-content\/uploads\/2020\/02\/Mohamed-chtiwi.jpg\">Biographie<\/a><\/td><\/tr><tr><td class=\"has-text-align-center\" data-align=\"center\">Najmedine Hentati<\/td><td class=\"has-text-align-center\" data-align=\"center\">Histoire arabo-islamique<\/td><td class=\"has-text-align-center\" data-align=\"center\">&#8212;<\/td><\/tr><tr><td class=\"has-text-align-center\" data-align=\"center\">Bassem Jmal<\/td><td class=\"has-text-align-center\" data-align=\"center\">Civilisation arabo-islamique<\/td><td class=\"has-text-align-center\" data-align=\"center\"><a href=\"https:\/\/www.beitalhikma.tn\/wp-content\/uploads\/2020\/11\/CV-fran%C3%A7ais-Jemal-Bass%C3%A8m.pdf\">Biographie<\/a><\/td><\/tr><tr><td class=\"has-text-align-center\" data-align=\"center\">Mohamed Habib Marzouki<\/td><td class=\"has-text-align-center\" data-align=\"center\">Philosophie islamique<\/td><td class=\"has-text-align-center\" data-align=\"center\">&#8212;<\/td><\/tr><tr><td class=\"has-text-align-center\" data-align=\"center\">Mokdad Arfa Menssia<\/td><td class=\"has-text-align-center\" data-align=\"center\">Philosophie islamique<\/td><td class=\"has-text-align-center\" data-align=\"center\"><a href=\"https:\/\/www.beitalhikma.tn\/wp-content\/uploads\/2020\/02\/Mokdad-Arfa-Menssia.pdf\">Biographie<\/a><\/td><\/tr><tr><td class=\"has-text-align-center\" data-align=\"center\">Nejia Ouriemmi<\/td><td class=\"has-text-align-center\" data-align=\"center\">Civilisation arabo-islamique<\/td><td class=\"has-text-align-center\" data-align=\"center\"><a href=\"https:\/\/www.beitalhikma.tn\/wp-content\/uploads\/2017\/04\/Curriculum-Vitae-OURIEMMI-Nejia.pdf\">Biographie<\/a><\/td><\/tr><tr><td class=\"has-text-align-center\" data-align=\"center\">Adeljalil Salem<\/td><td class=\"has-text-align-center\" data-align=\"center\">Th\u00e8ologie<\/td><td class=\"has-text-align-center\" data-align=\"center\">&#8212;<\/td><\/tr><\/tbody><\/table><\/figure>\n\n\n\n<p class=\"has-text-color has-background has-link-color wp-elements-659f313bc885f1af6e6120b1b89dc8b4\" style=\"color:#fed082;background-color:#6f96a7;font-size:24px\"><strong>Membres associ\u00e9s de nationalit\u00e9 \u00e9trang\u00e8re<\/strong><\/p>\n\n\n\n<figure style=\"font-size:22px\" class=\"wp-block-table\"><table class=\"has-fixed-layout\"><tbody><tr><td class=\"has-text-align-center\" data-align=\"center\"><strong>Nom et Pr\u00e9nom<\/strong><\/td><td class=\"has-text-align-center\" data-align=\"center\"><strong>Sp\u00e9cialit\u00e9<\/strong><\/td><td class=\"has-text-align-center\" data-align=\"center\"><strong>Nationalit\u00e9<\/strong><\/td><td class=\"has-text-align-center\" data-align=\"center\"><strong>Biographie<\/strong><\/td><\/tr><tr><td class=\"has-text-align-center\" data-align=\"center\">Fred Donner<\/td><td class=\"has-text-align-center\" data-align=\"center\">Islamologie<\/td><td class=\"has-text-align-center\" data-align=\"center\">Am\u00e9ricaine<\/td><td class=\"has-text-align-center\" data-align=\"center\">&#8212;<\/td><\/tr><tr><td class=\"has-text-align-center\" data-align=\"center\">Gudrun Kramer<\/td><td class=\"has-text-align-center\" data-align=\"center\">Islamologie<\/td><td class=\"has-text-align-center\" data-align=\"center\">allemande<\/td><td class=\"has-text-align-center\" data-align=\"center\">&#8212;<\/td><\/tr><tr><td class=\"has-text-align-center\" data-align=\"center\">Andr\u00e9 Vauchez <\/td><td class=\"has-text-align-center\" data-align=\"center\">Histoire des religions<\/td><td class=\"has-text-align-center\" data-align=\"center\">Fran\u00e7aise<\/td><td class=\"has-text-align-center\" data-align=\"center\">&#8212;<\/td><\/tr><\/tbody><\/table><\/figure>\n\n\n\n<p class=\"has-text-color has-background has-link-color wp-elements-08b70cc4ec771c74d3b7e1f3717ee7e1\" style=\"color:#fed082;background-color:#6f96a7;font-size:24px\"><strong>Membres Correspondants<\/strong><\/p>\n\n\n\n<figure style=\"font-size:22px\" class=\"wp-block-table\"><table class=\"has-fixed-layout\"><tbody><tr><td class=\"has-text-align-center\" data-align=\"center\"><strong>Nom et Pr\u00e9nom<\/strong><\/td><td class=\"has-text-align-center\" data-align=\"center\"><strong>Sp\u00e9cialit\u00e9<\/strong><\/td><td class=\"has-text-align-center\" data-align=\"center\"><strong>Nationalit\u00e9<\/strong><\/td><td class=\"has-text-align-center\" data-align=\"center\"><strong>Biographie<\/strong><\/td><\/tr><tr><td class=\"has-text-align-center\" data-align=\"center\">Mehdi Azaiez<\/td><td class=\"has-text-align-center\" data-align=\"center\">Etudes islamiques<\/td><td class=\"has-text-align-center\" data-align=\"center\">Tunisienne<\/td><td class=\"has-text-align-center\" data-align=\"center\">&#8212;<\/td><\/tr><tr><td class=\"has-text-align-center\" data-align=\"center\">Wael Hallaq<\/td><td class=\"has-text-align-center\" data-align=\"center\">Etudes et Civilisation islamique<\/td><td class=\"has-text-align-center\" data-align=\"center\">Palestinienne<\/td><td class=\"has-text-align-center\" data-align=\"center\"><a href=\"https:\/\/www.beitalhikma.tn\/wp-content\/uploads\/2020\/05\/Wael-Hallaq.pdf\">Biographie<\/a><\/td><\/tr><tr><td class=\"has-text-align-center\" data-align=\"center\">Abdelkader Tayob<\/td><td class=\"has-text-align-center\" data-align=\"center\">Etudes et Civilisation islamique<\/td><td class=\"has-text-align-center\" data-align=\"center\">Sud-africaine<\/td><td class=\"has-text-align-center\" data-align=\"center\"><a href=\"https:\/\/www.beitalhikma.tn\/wp-content\/uploads\/2020\/05\/Abdulkader-Tayob-.pdf\">Biographie<\/a><\/td><\/tr><\/tbody><\/table><\/figure>\n","protected":false},"excerpt":{"rendered":"<p>Le Chef de D\u00e9partement Nom et Pr\u00e9nom Sp\u00e9cialit\u00e9 Biographie Hmida Enna\u00effer Islamologie Biographie Membres actifs r\u00e9sidents en Tunisie Nom et Pr\u00e9nom Sp\u00e9cialit\u00e9 Biographie Moncef Ben Abdeljalil [&hellip;]<\/p>\n","protected":false},"author":1,"featured_media":0,"parent":0,"menu_order":0,"comment_status":"closed","ping_status":"closed","template":"","meta":{"_uag_custom_page_level_css":"","footnotes":""},"class_list":["post-117220","page","type-page","status-publish","hentry"],"featured_image_src":null,"yoast_head":"<!-- This site is optimized with the Yoast SEO plugin v27.4 - https:\/\/yoast.com\/product\/yoast-seo-wordpress\/ -->\n<title>D\u00e9partement des \u00c9tudes islamiques - Beit al-Hikma<\/title>\n<meta name=\"robots\" content=\"index, follow, max-snippet:-1, max-image-preview:large, max-video-preview:-1\" \/>\n<link rel=\"canonical\" href=\"https:\/\/www.beitalhikma.tn\/fr\/departement-des-etudes-islamiques\/\" \/>\n<meta property=\"og:locale\" content=\"fr_FR\" \/>\n<meta property=\"og:type\" content=\"article\" \/>\n<meta property=\"og:title\" content=\"D\u00e9partement des \u00c9tudes islamiques - Beit al-Hikma\" \/>\n<meta property=\"og:description\" content=\"Le Chef de D\u00e9partement Nom et Pr\u00e9nom Sp\u00e9cialit\u00e9 Biographie Hmida Enna\u00effer Islamologie Biographie Membres actifs r\u00e9sidents en Tunisie Nom et Pr\u00e9nom Sp\u00e9cialit\u00e9 Biographie Moncef Ben Abdeljalil [&hellip;]\" \/>\n<meta property=\"og:url\" content=\"https:\/\/www.beitalhikma.tn\/fr\/departement-des-etudes-islamiques\/\" \/>\n<meta property=\"og:site_name\" content=\"Beit al-Hikma\" \/>\n<meta property=\"article:publisher\" content=\"https:\/\/www.facebook.com\/BeitalhikmaTunisie\/\" \/>\n<meta property=\"article:modified_time\" content=\"2025-12-12T15:58:09+00:00\" \/>\n<meta property=\"og:image\" content=\"https:\/\/www.beitalhikma.tn\/wp-content\/uploads\/2022\/02\/LOGO-1-250x250-1.jpg\" \/>\n\t<meta property=\"og:image:width\" content=\"250\" \/>\n\t<meta property=\"og:image:height\" content=\"250\" \/>\n\t<meta property=\"og:image:type\" content=\"image\/jpeg\" \/>\n<meta name=\"twitter:card\" content=\"summary_large_image\" \/>\n<meta name=\"twitter:site\" content=\"@Beit_alhikma_TN\" \/>\n<meta name=\"twitter:label1\" content=\"Dur\u00e9e de lecture estim\u00e9e\" \/>\n\t<meta name=\"twitter:data1\" content=\"1 minute\" \/>\n<script type=\"application\/ld+json\" class=\"yoast-schema-graph\">{\"@context\":\"https:\\\/\\\/schema.org\",\"@graph\":[{\"@type\":\"WebPage\",\"@id\":\"https:\\\/\\\/www.beitalhikma.tn\\\/fr\\\/departement-des-etudes-islamiques\\\/\",\"url\":\"https:\\\/\\\/www.beitalhikma.tn\\\/fr\\\/departement-des-etudes-islamiques\\\/\",\"name\":\"D\u00e9partement des \u00c9tudes islamiques - Beit al-Hikma\",\"isPartOf\":{\"@id\":\"https:\\\/\\\/www.beitalhikma.tn\\\/#website\"},\"datePublished\":\"2024-12-04T12:15:02+00:00\",\"dateModified\":\"2025-12-12T15:58:09+00:00\",\"breadcrumb\":{\"@id\":\"https:\\\/\\\/www.beitalhikma.tn\\\/fr\\\/departement-des-etudes-islamiques\\\/#breadcrumb\"},\"inLanguage\":\"fr-FR\",\"potentialAction\":[{\"@type\":\"ReadAction\",\"target\":[\"https:\\\/\\\/www.beitalhikma.tn\\\/fr\\\/departement-des-etudes-islamiques\\\/\"]}]},{\"@type\":\"BreadcrumbList\",\"@id\":\"https:\\\/\\\/www.beitalhikma.tn\\\/fr\\\/departement-des-etudes-islamiques\\\/#breadcrumb\",\"itemListElement\":[{\"@type\":\"ListItem\",\"position\":1,\"name\":\"Accueil\",\"item\":\"https:\\\/\\\/www.beitalhikma.tn\\\/fr\\\/\"},{\"@type\":\"ListItem\",\"position\":2,\"name\":\"D\u00e9partement des \u00c9tudes islamiques\"}]},{\"@type\":\"WebSite\",\"@id\":\"https:\\\/\\\/www.beitalhikma.tn\\\/#website\",\"url\":\"https:\\\/\\\/www.beitalhikma.tn\\\/\",\"name\":\"Beit al-Hikma\",\"description\":\"L&#039;Acad\u00e9mie Tunisienne des Sciences, des Lettres  et des Arts\",\"publisher\":{\"@id\":\"https:\\\/\\\/www.beitalhikma.tn\\\/#organization\"},\"potentialAction\":[{\"@type\":\"SearchAction\",\"target\":{\"@type\":\"EntryPoint\",\"urlTemplate\":\"https:\\\/\\\/www.beitalhikma.tn\\\/?s={search_term_string}\"},\"query-input\":{\"@type\":\"PropertyValueSpecification\",\"valueRequired\":true,\"valueName\":\"search_term_string\"}}],\"inLanguage\":\"fr-FR\"},{\"@type\":\"Organization\",\"@id\":\"https:\\\/\\\/www.beitalhikma.tn\\\/#organization\",\"name\":\"Beit Al Hikma\",\"url\":\"https:\\\/\\\/www.beitalhikma.tn\\\/\",\"logo\":{\"@type\":\"ImageObject\",\"inLanguage\":\"fr-FR\",\"@id\":\"https:\\\/\\\/www.beitalhikma.tn\\\/#\\\/schema\\\/logo\\\/image\\\/\",\"url\":\"https:\\\/\\\/www.beitalhikma.tn\\\/wp-content\\\/uploads\\\/2014\\\/11\\\/logo.png\",\"contentUrl\":\"https:\\\/\\\/www.beitalhikma.tn\\\/wp-content\\\/uploads\\\/2014\\\/11\\\/logo.png\",\"width\":288,\"height\":109,\"caption\":\"Beit Al Hikma\"},\"image\":{\"@id\":\"https:\\\/\\\/www.beitalhikma.tn\\\/#\\\/schema\\\/logo\\\/image\\\/\"},\"sameAs\":[\"https:\\\/\\\/www.facebook.com\\\/BeitalhikmaTunisie\\\/\",\"https:\\\/\\\/x.com\\\/Beit_alhikma_TN\",\"https:\\\/\\\/www.youtube.com\\\/channel\\\/UCl8EfDXqt5MFfcEY0UYhevg\"]}]}<\/script>\n<!-- \/ Yoast SEO plugin. -->","yoast_head_json":{"title":"D\u00e9partement des \u00c9tudes islamiques - Beit al-Hikma","robots":{"index":"index","follow":"follow","max-snippet":"max-snippet:-1","max-image-preview":"max-image-preview:large","max-video-preview":"max-video-preview:-1"},"canonical":"https:\/\/www.beitalhikma.tn\/fr\/departement-des-etudes-islamiques\/","og_locale":"fr_FR","og_type":"article","og_title":"D\u00e9partement des \u00c9tudes islamiques - Beit al-Hikma","og_description":"Le Chef de D\u00e9partement Nom et Pr\u00e9nom Sp\u00e9cialit\u00e9 Biographie Hmida Enna\u00effer Islamologie Biographie Membres actifs r\u00e9sidents en Tunisie Nom et Pr\u00e9nom Sp\u00e9cialit\u00e9 Biographie Moncef Ben Abdeljalil [&hellip;]","og_url":"https:\/\/www.beitalhikma.tn\/fr\/departement-des-etudes-islamiques\/","og_site_name":"Beit al-Hikma","article_publisher":"https:\/\/www.facebook.com\/BeitalhikmaTunisie\/","article_modified_time":"2025-12-12T15:58:09+00:00","og_image":[{"width":250,"height":250,"url":"https:\/\/www.beitalhikma.tn\/wp-content\/uploads\/2022\/02\/LOGO-1-250x250-1.jpg","type":"image\/jpeg"}],"twitter_card":"summary_large_image","twitter_site":"@Beit_alhikma_TN","twitter_misc":{"Dur\u00e9e de lecture estim\u00e9e":"1 minute"},"schema":{"@context":"https:\/\/schema.org","@graph":[{"@type":"WebPage","@id":"https:\/\/www.beitalhikma.tn\/fr\/departement-des-etudes-islamiques\/","url":"https:\/\/www.beitalhikma.tn\/fr\/departement-des-etudes-islamiques\/","name":"D\u00e9partement des \u00c9tudes islamiques - Beit al-Hikma","isPartOf":{"@id":"https:\/\/www.beitalhikma.tn\/#website"},"datePublished":"2024-12-04T12:15:02+00:00","dateModified":"2025-12-12T15:58:09+00:00","breadcrumb":{"@id":"https:\/\/www.beitalhikma.tn\/fr\/departement-des-etudes-islamiques\/#breadcrumb"},"inLanguage":"fr-FR","potentialAction":[{"@type":"ReadAction","target":["https:\/\/www.beitalhikma.tn\/fr\/departement-des-etudes-islamiques\/"]}]},{"@type":"BreadcrumbList","@id":"https:\/\/www.beitalhikma.tn\/fr\/departement-des-etudes-islamiques\/#breadcrumb","itemListElement":[{"@type":"ListItem","position":1,"name":"Accueil","item":"https:\/\/www.beitalhikma.tn\/fr\/"},{"@type":"ListItem","position":2,"name":"D\u00e9partement des \u00c9tudes islamiques"}]},{"@type":"WebSite","@id":"https:\/\/www.beitalhikma.tn\/#website","url":"https:\/\/www.beitalhikma.tn\/","name":"Beit al-Hikma","description":"L&#039;Acad\u00e9mie Tunisienne des Sciences, des Lettres  et des Arts","publisher":{"@id":"https:\/\/www.beitalhikma.tn\/#organization"},"potentialAction":[{"@type":"SearchAction","target":{"@type":"EntryPoint","urlTemplate":"https:\/\/www.beitalhikma.tn\/?s={search_term_string}"},"query-input":{"@type":"PropertyValueSpecification","valueRequired":true,"valueName":"search_term_string"}}],"inLanguage":"fr-FR"},{"@type":"Organization","@id":"https:\/\/www.beitalhikma.tn\/#organization","name":"Beit Al Hikma","url":"https:\/\/www.beitalhikma.tn\/","logo":{"@type":"ImageObject","inLanguage":"fr-FR","@id":"https:\/\/www.beitalhikma.tn\/#\/schema\/logo\/image\/","url":"https:\/\/www.beitalhikma.tn\/wp-content\/uploads\/2014\/11\/logo.png","contentUrl":"https:\/\/www.beitalhikma.tn\/wp-content\/uploads\/2014\/11\/logo.png","width":288,"height":109,"caption":"Beit Al Hikma"},"image":{"@id":"https:\/\/www.beitalhikma.tn\/#\/schema\/logo\/image\/"},"sameAs":["https:\/\/www.facebook.com\/BeitalhikmaTunisie\/","https:\/\/x.com\/Beit_alhikma_TN","https:\/\/www.youtube.com\/channel\/UCl8EfDXqt5MFfcEY0UYhevg"]}]}},"uagb_featured_image_src":{"full":false,"thumbnail":false,"medium":false,"medium_large":false,"large":false,"thumblist":false,"meccarouselthumb":false,"gridsquare":false,"tileview":false,"1536x1536":false,"2048x2048":false,"post-thumbnail":false,"50x50":false,"portfolio-list":false,"portfolio-fs":false,"portfolio-slider":false,"blog":false,"blog-single":false,"blog-item":false,"blog-widget":false,"features":false,"clients-slider":false,"offer-slider":false,"offer-slider-pg":false,"woocommerce_thumbnail":false,"woocommerce_single":false,"woocommerce_gallery_thumbnail":false},"uagb_author_info":{"display_name":"admin","author_link":"https:\/\/www.beitalhikma.tn\/fr\/author\/admin\/"},"uagb_comment_info":0,"uagb_excerpt":"Le Chef de D\u00e9partement Nom et Pr\u00e9nom Sp\u00e9cialit\u00e9 Biographie Hmida Enna\u00effer Islamologie Biographie Membres actifs r\u00e9sidents en Tunisie Nom et Pr\u00e9nom Sp\u00e9cialit\u00e9 Biographie Moncef Ben Abdeljalil [&hellip;]","_links":{"self":[{"href":"https:\/\/www.beitalhikma.tn\/fr\/wp-json\/wp\/v2\/pages\/117220","targetHints":{"allow":["GET"]}}],"collection":[{"href":"https:\/\/www.beitalhikma.tn\/fr\/wp-json\/wp\/v2\/pages"}],"about":[{"href":"https:\/\/www.beitalhikma.tn\/fr\/wp-json\/wp\/v2\/types\/page"}],"author":[{"embeddable":true,"href":"https:\/\/www.beitalhikma.tn\/fr\/wp-json\/wp\/v2\/users\/1"}],"replies":[{"embeddable":true,"href":"https:\/\/www.beitalhikma.tn\/fr\/wp-json\/wp\/v2\/comments?post=117220"}],"version-history":[{"count":1,"href":"https:\/\/www.beitalhikma.tn\/fr\/wp-json\/wp\/v2\/pages\/117220\/revisions"}],"predecessor-version":[{"id":126455,"href":"https:\/\/www.beitalhikma.tn\/fr\/wp-json\/wp\/v2\/pages\/117220\/revisions\/126455"}],"wp:attachment":[{"href":"https:\/\/www.beitalhikma.tn\/fr\/wp-json\/wp\/v2\/media?parent=117220"}],"curies":[{"name":"wp","href":"https:\/\/api.w.org\/{rel}","templated":true}]}}